{"id":47,"date":"2015-10-14T19:18:58","date_gmt":"2015-10-14T19:18:58","guid":{"rendered":"http:\/\/hugo-oberau.de\/?page_id=47"},"modified":"2017-11-12T10:39:19","modified_gmt":"2017-11-12T10:39:19","slug":"dorfjubilaeum","status":"publish","type":"page","link":"http:\/\/hugo-oberau.de\/?page_id=47","title":{"rendered":"DORFJUBIL\u00c4UM &#8211; 750 Jahre Oberau"},"content":{"rendered":"<h3 align=\"LEFT\"><img loading=\"lazy\" decoding=\"async\" width=\"620\" height=\"877\" class=\"alignnone size-large wp-image-550\" alt=\"HUGO_Jubil\u00e4um_Dankebrief\" src=\"http:\/\/hugo-oberau.de\/wp-content\/uploads\/2016\/03\/HUGO_Jubil\u00e4um_Dankebrief-724x1024.jpg\" srcset=\"http:\/\/hugo-oberau.de\/wp-content\/uploads\/2016\/03\/HUGO_Jubil\u00e4um_Dankebrief-724x1024.jpg 724w, http:\/\/hugo-oberau.de\/wp-content\/uploads\/2016\/03\/HUGO_Jubil\u00e4um_Dankebrief-212x300.jpg 212w, http:\/\/hugo-oberau.de\/wp-content\/uploads\/2016\/03\/HUGO_Jubil\u00e4um_Dankebrief-768x1086.jpg 768w, http:\/\/hugo-oberau.de\/wp-content\/uploads\/2016\/03\/HUGO_Jubil\u00e4um_Dankebrief-269x380.jpg 269w, http:\/\/hugo-oberau.de\/wp-content\/uploads\/2016\/03\/HUGO_Jubil\u00e4um_Dankebrief.jpg 1240w\" sizes=\"auto, (max-width: 620px) 100vw, 620px\" \/>&nbsp;<\/h3>\n<h3 align=\"LEFT\"><strong><span style=\"color: rgb(255, 0, 0);\">Der Flyer zum Dorfjubil\u00e4um<\/span><\/strong><\/h3>\n<p><a href=\"http:\/\/hugo-oberau.de\/wp-content\/uploads\/2015\/10\/HUGO_Jubil\u00e4um_Programm_Flyer_Final-1.jpg\" rel=\"attachment wp-att-545\"><img loading=\"lazy\" decoding=\"async\" width=\"620\" height=\"266\" class=\"alignnone size-large wp-image-545\" alt=\"HUGO_Jubil\u00e4um_Programm_Flyer_Final-1\" src=\"http:\/\/hugo-oberau.de\/wp-content\/uploads\/2015\/10\/HUGO_Jubil\u00e4um_Programm_Flyer_Final-1-1024x439.jpg\" srcset=\"http:\/\/hugo-oberau.de\/wp-content\/uploads\/2015\/10\/HUGO_Jubil\u00e4um_Programm_Flyer_Final-1-1024x439.jpg 1024w, http:\/\/hugo-oberau.de\/wp-content\/uploads\/2015\/10\/HUGO_Jubil\u00e4um_Programm_Flyer_Final-1-300x129.jpg 300w, http:\/\/hugo-oberau.de\/wp-content\/uploads\/2015\/10\/HUGO_Jubil\u00e4um_Programm_Flyer_Final-1-768x329.jpg 768w, http:\/\/hugo-oberau.de\/wp-content\/uploads\/2015\/10\/HUGO_Jubil\u00e4um_Programm_Flyer_Final-1-887x380.jpg 887w\" sizes=\"auto, (max-width: 620px) 100vw, 620px\" \/><\/a> <a href=\"http:\/\/hugo-oberau.de\/wp-content\/uploads\/2015\/10\/HUGO_Jubil\u00e4um_Programm_Flyer_Final-2.jpg\" rel=\"attachment wp-att-546\"><img loading=\"lazy\" decoding=\"async\" width=\"620\" height=\"266\" class=\"alignnone size-large wp-image-546\" alt=\"HUGO_Jubil\u00e4um_Programm_Flyer_Final-2\" src=\"http:\/\/hugo-oberau.de\/wp-content\/uploads\/2015\/10\/HUGO_Jubil\u00e4um_Programm_Flyer_Final-2-1024x439.jpg\" srcset=\"http:\/\/hugo-oberau.de\/wp-content\/uploads\/2015\/10\/HUGO_Jubil\u00e4um_Programm_Flyer_Final-2-1024x439.jpg 1024w, http:\/\/hugo-oberau.de\/wp-content\/uploads\/2015\/10\/HUGO_Jubil\u00e4um_Programm_Flyer_Final-2-300x129.jpg 300w, http:\/\/hugo-oberau.de\/wp-content\/uploads\/2015\/10\/HUGO_Jubil\u00e4um_Programm_Flyer_Final-2-768x329.jpg 768w, http:\/\/hugo-oberau.de\/wp-content\/uploads\/2015\/10\/HUGO_Jubil\u00e4um_Programm_Flyer_Final-2-887x380.jpg 887w\" sizes=\"auto, (max-width: 620px) 100vw, 620px\" \/><\/a><\/p>\n<p>Und hier nochmal der gesamte Flyer zum Download als PDF:<br \/>\n<strong><span style=\"text-decoration: underline;\"><a href=\"http:\/\/hugo-oberau.de\/wp-content\/uploads\/2015\/10\/HUGO_Jubil\u00e4um_Flyer_gesamt.pdf\" rel=\"\">HUGO_Jubil\u00e4um_Flyer_gesamt<\/a>&nbsp;<\/span><\/strong><\/p>\n<h2><span style=\"color: rgb(255, 0, 0);\"><strong><a href=\"http:\/\/hugo-oberau.de\/?page_id=588\">Hier findet ihr die Oberauer H\u00e4usertafeln als Bildergalerie<\/a><\/strong><\/span><\/h2>\n<p align=\"LEFT\">&nbsp;<\/p>\n<p align=\"LEFT\">&nbsp;<\/p>\n<p align=\"LEFT\">&nbsp;<\/p>\n<p align=\"LEFT\">&nbsp;<\/p>\n<p>&nbsp;<\/p>\n","protected":false},"excerpt":{"rendered":"<p>&nbsp; Der Flyer zum Dorfjubil\u00e4um Und hier nochmal der gesamte Flyer zum Download als PDF: HUGO_Jubil\u00e4um_Flyer_gesamt&nbsp; Hier findet ihr die Oberauer H\u00e4usertafeln als Bildergalerie &nbsp; &nbsp; &nbsp; &nbsp; &nbsp;<\/p>\n","protected":false},"author":1,"featured_media":0,"parent":0,"menu_order":0,"comment_status":"closed","ping_status":"closed","template":"","meta":{"ngg_post_thumbnail":0,"footnotes":""},"class_list":["post-47","page","type-page","status-publish","hentry","without-featured-image"],"_links":{"self":[{"href":"http:\/\/hugo-oberau.de\/index.php?rest_route=\/wp\/v2\/pages\/47","targetHints":{"allow":["GET"]}}],"collection":[{"href":"http:\/\/hugo-oberau.de\/index.php?rest_route=\/wp\/v2\/pages"}],"about":[{"href":"http:\/\/hugo-oberau.de\/index.php?rest_route=\/wp\/v2\/types\/page"}],"author":[{"embeddable":true,"href":"http:\/\/hugo-oberau.de\/index.php?rest_route=\/wp\/v2\/users\/1"}],"replies":[{"embeddable":true,"href":"http:\/\/hugo-oberau.de\/index.php?rest_route=%2Fwp%2Fv2%2Fcomments&post=47"}],"version-history":[{"count":21,"href":"http:\/\/hugo-oberau.de\/index.php?rest_route=\/wp\/v2\/pages\/47\/revisions"}],"predecessor-version":[{"id":634,"href":"http:\/\/hugo-oberau.de\/index.php?rest_route=\/wp\/v2\/pages\/47\/revisions\/634"}],"wp:attachment":[{"href":"http:\/\/hugo-oberau.de\/index.php?rest_route=%2Fwp%2Fv2%2Fmedia&parent=47"}],"curies":[{"name":"wp","href":"https:\/\/api.w.org\/{rel}","templated":true}]}}